{"id":7,"date":"2020-06-09T14:46:29","date_gmt":"2020-06-09T12:46:29","guid":{"rendered":"http:\/\/studuj.physics.cz\/?page_id=7"},"modified":"2021-03-04T11:32:45","modified_gmt":"2021-03-04T10:32:45","slug":"o-nas","status":"publish","type":"page","link":"https:\/\/studuj.physics.cz\/?page_id=7","title":{"rendered":"O n\u00e1s"},"content":{"rendered":"\n<p>Fyzik\u00e1ln\u00ed \u00fastav v Opav\u011b vznikl 1.1.2020 a je nyn\u00ed, v r\u00e1mci Slezsk\u00e9 univerzity v Opav\u011b, samostatn\u00fdm subjektem a jeho postaven\u00ed je rovnocen\u00e9 se v\u0161emi jej\u00edmi fakultami. F\u00da je n\u00e1stupcem \u00dastavu Fyziky, kter\u00fd byl od roku 1991 sou\u010d\u00e1st\u00ed&nbsp;<a rel=\"noreferrer noopener\" href=\"http:\/\/www.fpf.slu.cz\/\" target=\"_blank\">Filozoficko-p\u0159\u00edrodov\u011bdeck\u00e9 fakulty<\/a>&nbsp;<a rel=\"noreferrer noopener\" href=\"http:\/\/www.slu.cz\/\" target=\"_blank\">Slezsk\u00e9 univerzity v Opav\u011b<\/a>&nbsp;a nab\u00edz\u00ed studium teoretick\u00e9 i aplikovan\u00e9 fyziky v r\u00e1mci bakal\u00e1\u0159sk\u00fdch, magistersk\u00fdch a doktorsk\u00fdch&nbsp;studijn\u00edch program\u016f. V\u00fduka je prov\u00e1z\u00e1na s&nbsp;v\u011bdeck\u00fdmi aktivitami \u00dastavu&nbsp;a student\u016fm teoretick\u00fdch obor\u016f je umo\u017en\u011bno zapojit se do \u0161pi\u010dkov\u00e9ho&nbsp;v\u00fdzkumu na mezin\u00e1rodn\u00ed \u00farovni. U obor\u016f aplikovan\u00e9 fyziky je kladen d\u016fraz na propojen\u00ed mezi fyzik\u00e1ln\u00ed teori\u00ed a modern\u00edmi technologiemi.<\/p>\n\n\n\n<figure class=\"wp-block-image size-large\"><img loading=\"lazy\" width=\"1024\" height=\"768\" src=\"http:\/\/studuj.physics.cz\/wp-content\/uploads\/2020\/06\/IMG_0490.HEIC_-1024x768.jpeg\" alt=\"\" class=\"wp-image-59\" srcset=\"https:\/\/studuj.physics.cz\/wp-content\/uploads\/2020\/06\/IMG_0490.HEIC_-1024x768.jpeg 1024w, https:\/\/studuj.physics.cz\/wp-content\/uploads\/2020\/06\/IMG_0490.HEIC_-300x225.jpeg 300w, https:\/\/studuj.physics.cz\/wp-content\/uploads\/2020\/06\/IMG_0490.HEIC_-768x576.jpeg 768w, https:\/\/studuj.physics.cz\/wp-content\/uploads\/2020\/06\/IMG_0490.HEIC_-1536x1152.jpeg 1536w, https:\/\/studuj.physics.cz\/wp-content\/uploads\/2020\/06\/IMG_0490.HEIC_-2048x1536.jpeg 2048w, https:\/\/studuj.physics.cz\/wp-content\/uploads\/2020\/06\/IMG_0490.HEIC_-1500x1125.jpeg 1500w\" sizes=\"(max-width: 1024px) 100vw, 1024px\" \/><\/figure>\n\n\n\n<p>Mezi poskytovan\u00e9 bakal\u00e1\u0159sk\u00e9 programy studia pat\u0159\u00ed&nbsp;Fyzika, Aplikovan\u00e1 fyzika a Multimedi\u00e1ln\u00ed techniky. V r\u00e1mci magistersk\u00e9ho studijn\u00edho programu lze na na\u0161\u00ed univerzit\u011b studovat program&nbsp;Teoretick\u00e1 fyzika. D\u00e1le nab\u00edz\u00edme mo\u017enost doktorsk\u00e9ho (Ph.D.) studia v programu&nbsp;Teoretick\u00e1 fyzika a astrofyzika. Absolventi magistersk\u00e9ho studia mohou vykonat st\u00e1tn\u00ed rigor\u00f3zn\u00ed zkou\u0161ku v oblasti teoretick\u00e9 fyziky a z\u00edskat titul doktor p\u0159\u00edrovn\u00edch v\u011bd RNDr. Vedle v\u00fd\u0161e zm\u00edn\u011bn\u00fdch vzd\u011bl\u00e1vac\u00edch \u010dinnost\u00ed se \u00dastav spolupod\u00edl\u00ed na celo\u017eivotn\u00edm vzd\u011bl\u00e1v\u00e1n\u00ed formou p\u0159edn\u00e1\u0161ek&nbsp;Univerzity t\u0159et\u00edho v\u011bku.<\/p>\n\n\n\n<figure class=\"wp-block-image size-large\"><img loading=\"lazy\" width=\"1024\" height=\"768\" src=\"http:\/\/studuj.physics.cz\/wp-content\/uploads\/2020\/06\/IMG_5448.HEIC_-1024x768.jpeg\" alt=\"\" class=\"wp-image-95\" srcset=\"https:\/\/studuj.physics.cz\/wp-content\/uploads\/2020\/06\/IMG_5448.HEIC_-1024x768.jpeg 1024w, https:\/\/studuj.physics.cz\/wp-content\/uploads\/2020\/06\/IMG_5448.HEIC_-300x225.jpeg 300w, https:\/\/studuj.physics.cz\/wp-content\/uploads\/2020\/06\/IMG_5448.HEIC_-768x576.jpeg 768w, https:\/\/studuj.physics.cz\/wp-content\/uploads\/2020\/06\/IMG_5448.HEIC_-1536x1152.jpeg 1536w, https:\/\/studuj.physics.cz\/wp-content\/uploads\/2020\/06\/IMG_5448.HEIC_-2048x1536.jpeg 2048w, https:\/\/studuj.physics.cz\/wp-content\/uploads\/2020\/06\/IMG_5448.HEIC_-1500x1125.jpeg 1500w\" sizes=\"(max-width: 1024px) 100vw, 1024px\" \/><\/figure>\n\n\n\n<p>Sou\u010d\u00e1st\u00ed studia je mo\u017enost&nbsp;zahrani\u010dn\u00edch st\u00e1\u017e\u00ed. Erasmus a&nbsp;jin\u00e9 v\u00fdm\u011bnn\u00e9 programy umo\u017e\u0148uj\u00ed student\u016fm i zam\u011bstnanc\u016fm F\u00da str\u00e1vit semestr na jedn\u00e9 ze zahrani\u010dn\u00edch partnersk\u00fdch instituc\u00ed v Anglii, \u0160v\u00e9dsku, N\u011bmecku, It\u00e1lii, Slovinsku, Turecku \u010di jin\u00e9 zahrani\u010dn\u00ed zemi.<\/p>\n\n\n\n<p>Jak ji\u017e bylo zm\u00edn\u011bno v \u00favodn\u00edm odstavci, pedagogick\u00e9 aktivity \u00dastavu jsou neodd\u011bliteln\u011b spjaty s&nbsp;v\u011bdeckou \u010dinnost\u00ed na poli teoretick\u00e9 i aplikovan\u00e9 fyziky. Ta se v oblasti teoretick\u00e9 fyziky zab\u00fdv\u00e1 teori\u00ed gravitace, teori\u00ed element\u00e1rn\u00edch \u010d\u00e1stic, kvantovou teori\u00ed pole a jejich aplikacemi v astrofyzice a kosmologii; d\u00e1le pak kvantovou fyzikou molekul a jejich aplikacemi. V\u00fdzkum&nbsp;je soust\u0159e\u010fen na elektromagnetick\u00e9 procesy siln\u011b interaguj\u00edc\u00edch \u010d\u00e1stic, infla\u010dn\u00ed kosmologii,&nbsp;chov\u00e1n\u00ed \u010d\u00e1stic a pol\u00ed v okol\u00ed relativistick\u00fdch kompaktn\u00edch&nbsp;objekt\u016f (\u010dern\u00fdch d\u011br, neutronov\u00fdch hv\u011bzd a b\u00edl\u00fdch trpasl\u00edk\u016f) a v neposledn\u00ed \u0159ad\u011b tak\u00e9 na teorii akre\u010dn\u00edch disk\u016f,&nbsp;kter\u00e1 mimo jin\u00e9 vysv\u011btluje chov\u00e1n\u00ed kvazar\u016f a aktivn\u00edch galaktick\u00fdch jader. Ned\u00edlnou sou\u010d\u00e1st\u00ed v\u00fdzkumu jsou tak\u00e9 po\u010d\u00edta\u010dov\u00e9 implementace numerick\u00fdch metod, statistick\u00e9ho zpracov\u00e1n\u00ed dat a realistick\u00fdch fyzik\u00e1ln\u00edch simulac\u00ed.<\/p>\n\n\n\n<figure class=\"wp-block-image size-large\"><img loading=\"lazy\" width=\"1024\" height=\"768\" src=\"http:\/\/studuj.physics.cz\/wp-content\/uploads\/2020\/06\/IMG_6047.HEIC_-1024x768.jpeg\" alt=\"\" class=\"wp-image-104\" srcset=\"https:\/\/studuj.physics.cz\/wp-content\/uploads\/2020\/06\/IMG_6047.HEIC_-1024x768.jpeg 1024w, https:\/\/studuj.physics.cz\/wp-content\/uploads\/2020\/06\/IMG_6047.HEIC_-300x225.jpeg 300w, https:\/\/studuj.physics.cz\/wp-content\/uploads\/2020\/06\/IMG_6047.HEIC_-768x576.jpeg 768w, https:\/\/studuj.physics.cz\/wp-content\/uploads\/2020\/06\/IMG_6047.HEIC_-1536x1152.jpeg 1536w, https:\/\/studuj.physics.cz\/wp-content\/uploads\/2020\/06\/IMG_6047.HEIC_-2048x1536.jpeg 2048w, https:\/\/studuj.physics.cz\/wp-content\/uploads\/2020\/06\/IMG_6047.HEIC_-1500x1125.jpeg 1500w\" sizes=\"(max-width: 1024px) 100vw, 1024px\" \/><\/figure>\n\n\n\n<p>Mnoh\u00e9 metody ov\u011b\u0159en\u00e9 v r\u00e1mci z\u00e1kladn\u00edho v\u00fdzkumu jsou na F\u00da p\u0159edn\u00e1\u0161eny i do v\u00fdzkumu v r\u00e1mci aplikovan\u00e9 fyziky zam\u011b\u0159en\u00e9 na monitorov\u00e1n\u00ed \u017eivotn\u00edho prost\u0159ed\u00ed a na diagnostick\u00e9 metody a zpracov\u00e1n\u00ed dat.<\/p>\n\n\n\n<p>V\u011bdeck\u00e9 aktivity F\u00da a jeho pracovn\u00edk\u016f jsou \u00fazce nav\u00e1z\u00e1ny na v\u011bdeck\u00e9 v\u00fdzkumy mnoha sv\u011btov\u00fdch pracovi\u0161\u0165 p\u016fsob\u00edc\u00edch v relativistick\u00e9 astrofyzice \u010di \u010d\u00e1sticov\u00e9 fyzice. F\u00da je \u010dlenem\u00a0<a rel=\"noreferrer noopener\" href=\"https:\/\/www.icranet.org\/\" target=\"_blank\">ICRANETu<\/a>, s\u00edt\u011b pracovi\u0161\u0165 zab\u00fdvaj\u00edc\u00edch se astrofyzik\u00e1ln\u00ed problematikou, je\u017e je rozlo\u017eena nap\u0159\u00ed\u010d v\u0161emi sv\u011btad\u00edly. Pracovn\u00edci F\u00da nav\u00edc intenzivn\u011b spolupracuj\u00ed s v\u00fdzkumn\u00fdmi t\u00fdmy z University of Oxford, Harvard University, ISAS Trieste, University of Bologna, Fudan University Shanghai, University of Gothenburg, University of Cologne, University of T\u00fcbingen, Tashkent University, University of Bremen \u010di na v\u00fdzkumn\u00fdch instituc\u00edch jako je JINR Dubna, INAF Rome, \u010di MPI Bonn. Po\u010det spolupracuj\u00edc\u00edch instituc\u00ed se st\u00e1le roz\u0161i\u0159uje a spolupr\u00e1ce se prohlubuj\u00ed.<\/p>\n\n\n\n<figure class=\"wp-block-image size-large\"><img loading=\"lazy\" width=\"1024\" height=\"768\" src=\"http:\/\/studuj.physics.cz\/wp-content\/uploads\/2020\/06\/IMG_0190-1024x768.jpeg\" alt=\"\" class=\"wp-image-58\" srcset=\"https:\/\/studuj.physics.cz\/wp-content\/uploads\/2020\/06\/IMG_0190-1024x768.jpeg 1024w, https:\/\/studuj.physics.cz\/wp-content\/uploads\/2020\/06\/IMG_0190-300x225.jpeg 300w, https:\/\/studuj.physics.cz\/wp-content\/uploads\/2020\/06\/IMG_0190-768x576.jpeg 768w, https:\/\/studuj.physics.cz\/wp-content\/uploads\/2020\/06\/IMG_0190-1536x1152.jpeg 1536w, https:\/\/studuj.physics.cz\/wp-content\/uploads\/2020\/06\/IMG_0190-2048x1536.jpeg 2048w, https:\/\/studuj.physics.cz\/wp-content\/uploads\/2020\/06\/IMG_0190-1500x1125.jpeg 1500w\" sizes=\"(max-width: 1024px) 100vw, 1024px\" \/><\/figure>\n\n\n\n<p>Relativistick\u00e1 astrofyzik\u00e1ln\u00ed skupina&nbsp;tvo\u0159en\u00e1 v\u011bdeckopedagogick\u00fdmi pracovn\u00edky a studenty F\u00da ka\u017edoro\u010dn\u011b po\u0159\u00e1d\u00e1 ji\u017e tradi\u010dn\u00ed workshop&nbsp;<a href=\"http:\/\/proceedings.physics.cz\/\">RAGTime<\/a>&nbsp;v\u011bnovan\u00fd probl\u00e9m\u016fm sou\u010dasn\u00e9 relativistick\u00e9 astrofyziky&nbsp;zam\u011b\u0159en\u00e9 na fyziku \u010dern\u00fdch d\u011br a neutronov\u00fdch hv\u011bzd. V r\u00e1mci workshopu se uskute\u010d\u0148uj\u00ed cenn\u00e1 setk\u00e1n\u00ed s p\u0159edn\u00edmi p\u0159edstaviteli sv\u011btov\u00e9 astrofyzik\u00e1ln\u00ed komunity.<\/p>\n\n\n\n<p>Speci\u00e1ln\u00ed pozornost v\u011bnuje F\u00da popularizaci v\u011bdy obecn\u011b i propagaci v\u00fdsledk\u016f vlastn\u00edch v\u00fdzkum\u016f. V tomto sm\u011bru hraje rozhoduj\u00edc\u00ed roli studijn\u00ed program Multimedi\u00e1ln\u00ed techniky, v jeho\u017e r\u00e1mci je tvorba program\u016f realizov\u00e1na. Pro popularizaci v\u011bdy je vyu\u017e\u00edv\u00e1no jedine\u010dn\u00e9 imerzivn\u00ed m\u00e9dium \u2013\u00a0<a rel=\"noreferrer noopener\" href=\"http:\/\/unisfera.slu.cz\/\" target=\"_blank\">Unisf\u00e9ra<\/a>, kter\u00e1 umo\u017e\u0148uje sugestivn\u00ed 3D projekci populariza\u010dn\u00edch po\u0159ad\u016f.<\/p>\n\n\n\n<figure class=\"wp-block-image size-large\"><img loading=\"lazy\" width=\"1024\" height=\"680\" src=\"http:\/\/studuj.physics.cz\/wp-content\/uploads\/2020\/09\/DSC_0209-2-1024x680.jpg\" alt=\"\" class=\"wp-image-140\" srcset=\"https:\/\/studuj.physics.cz\/wp-content\/uploads\/2020\/09\/DSC_0209-2-1024x680.jpg 1024w, https:\/\/studuj.physics.cz\/wp-content\/uploads\/2020\/09\/DSC_0209-2-300x199.jpg 300w, https:\/\/studuj.physics.cz\/wp-content\/uploads\/2020\/09\/DSC_0209-2-768x510.jpg 768w, https:\/\/studuj.physics.cz\/wp-content\/uploads\/2020\/09\/DSC_0209-2-1536x1020.jpg 1536w, https:\/\/studuj.physics.cz\/wp-content\/uploads\/2020\/09\/DSC_0209-2-2048x1360.jpg 2048w, https:\/\/studuj.physics.cz\/wp-content\/uploads\/2020\/09\/DSC_0209-2-1500x996.jpg 1500w\" sizes=\"(max-width: 1024px) 100vw, 1024px\" \/><\/figure>\n","protected":false},"excerpt":{"rendered":"<p>Fyzik\u00e1ln\u00ed \u00fastav v Opav\u011b vznikl 1.1.2020 a je nyn\u00ed, v r\u00e1mci Slezsk\u00e9 univerzity v Opav\u011b, samostatn\u00fdm subjektem a jeho postaven\u00ed je rovnocen\u00e9 se v\u0161emi jej\u00edmi fakultami. F\u00da je n\u00e1stupcem \u00dastavu Fyziky, kter\u00fd byl od roku 1991 sou\u010d\u00e1st\u00ed&nbsp;Filozoficko-p\u0159\u00edrodov\u011bdeck\u00e9 fakulty&nbsp;Slezsk\u00e9 univerzity v Opav\u011b&nbsp;a nab\u00edz\u00ed studium teoretick\u00e9 i aplikovan\u00e9 fyziky v r\u00e1mci bakal\u00e1\u0159sk\u00fdch, magistersk\u00fdch a doktorsk\u00fdch&nbsp;studijn\u00edch program\u016f. V\u00fduka&hellip;<\/p>\n","protected":false},"author":1,"featured_media":0,"parent":0,"menu_order":0,"comment_status":"closed","ping_status":"closed","template":"","meta":[],"_links":{"self":[{"href":"https:\/\/studuj.physics.cz\/index.php?rest_route=\/wp\/v2\/pages\/7"}],"collection":[{"href":"https:\/\/studuj.physics.cz\/index.php?rest_route=\/wp\/v2\/pages"}],"about":[{"href":"https:\/\/studuj.physics.cz\/index.php?rest_route=\/wp\/v2\/types\/page"}],"author":[{"embeddable":true,"href":"https:\/\/studuj.physics.cz\/index.php?rest_route=\/wp\/v2\/users\/1"}],"replies":[{"embeddable":true,"href":"https:\/\/studuj.physics.cz\/index.php?rest_route=%2Fwp%2Fv2%2Fcomments&post=7"}],"version-history":[{"count":7,"href":"https:\/\/studuj.physics.cz\/index.php?rest_route=\/wp\/v2\/pages\/7\/revisions"}],"predecessor-version":[{"id":358,"href":"https:\/\/studuj.physics.cz\/index.php?rest_route=\/wp\/v2\/pages\/7\/revisions\/358"}],"wp:attachment":[{"href":"https:\/\/studuj.physics.cz\/index.php?rest_route=%2Fwp%2Fv2%2Fmedia&parent=7"}],"curies":[{"name":"wp","href":"https:\/\/api.w.org\/{rel}","templated":true}]}}